{"id":10,"date":"2016-03-09T12:48:50","date_gmt":"2016-03-09T11:48:50","guid":{"rendered":"http:\/\/www.kav-brandenburg.de\/?page_id=10"},"modified":"2026-01-19T15:24:26","modified_gmt":"2026-01-19T14:24:26","slug":"presse","status":"publish","type":"page","link":"https:\/\/www.kav-brandenburg.de\/?page_id=10","title":{"rendered":"Presse"},"content":{"rendered":"<div class=\"wpb-content-wrapper\"><p>[vc_row][vc_column][vc_column_text]<\/p>\n<h1>Presse<\/h1>\n<p>[\/vc_column_text][vc_column_text]Hier finden Sie aktuelle Informationen und Presseerkl\u00e4rungen des KAV Brandenburg und der Vereinigung der kommunalen Arbeitgeberverb\u00e4nde[\/vc_column_text][\/vc_column][\/vc_row][vc_row][vc_column][vc_empty_space][vc_column_text]<\/p>\n<h3><span id=\"dnn_ctr505_dnnTitle_lblTitle\" class=\"Head\">Presseerkl\u00e4rungen<\/span><\/h3>\n<p>[\/vc_column_text][vc_column_text css=&#8220;&#8220;]\n<table id=\"tablepress-15\" class=\"tablepress tablepress-id-15\">\n<thead>\n<tr class=\"row-1\">\n\t<th colspan=\"3\" class=\"column-1\">Presse 2026<\/th>\n<\/tr>\n<\/thead>\n<tbody>\n<tr class=\"row-2\">\n\t<td class=\"column-1\">27. M\u00e4rz 2026<\/td><td class=\"column-2\"><\/td><td class=\"column-3\"><a href=\"https:\/\/www.kav-brandenburg.de\/wp-content\/uploads\/2026\/03\/260327_Pressemitteilung_KAV_Brandenburg_Tarifeinigung.pdf\">Tarifeinigung im Nahverkehr Brandenburg<\/a><\/td>\n<\/tr>\n<tr class=\"row-3\">\n\t<td class=\"column-1\">4. Februar 2026<\/td><td class=\"column-2\"><\/td><td class=\"column-3\"><a href=\"https:\/\/www.kav-brandenburg.de\/wp-content\/uploads\/2026\/02\/260204_Pressemitteilung_KAV_Brandenburg_Tarifverhandlungen_TV_N_2_Verhandlungsrunde.pdf\">Zweite Verhandlungsrunde bei den Brandenburger Nahverkehrsunternehmen<\/a><\/td>\n<\/tr>\n<tr class=\"row-4\">\n\t<td class=\"column-1\">30. Januar 2026<\/td><td class=\"column-2\"><\/td><td class=\"column-3\"><a href=\"https:\/\/www.kav-brandenburg.de\/wp-content\/uploads\/2026\/01\/260130_Pressemitteilung_KAV_Brandenburg_Tarifverhandlungen_TV_N_Streikankuendigung.pdf\">Tarifverhandlungen TV-N BRB - Streikank\u00fcndigung<\/a><\/td>\n<\/tr>\n<tr class=\"row-5\">\n\t<td class=\"column-1\">19. Januar 2026<\/td><td class=\"column-2\"><\/td><td class=\"column-3\"><a href=\"https:\/\/www.kav-brandenburg.de\/wp-content\/uploads\/2026\/01\/260119_Pressemitteilung_KAV_Brandenburg_Tarifverhandlungen_TV_N.pdf\">Tarifverhandlungen bei den Brandenburger Nahverkehrsunternehmen<\/a><\/td>\n<\/tr>\n<\/tbody>\n<\/table>\n<!-- #tablepress-15 from cache -->[\/vc_column_text][vc_column_text css=&#8220;&#8220;]\n<table id=\"tablepress-14\" class=\"tablepress tablepress-id-14\">\n<thead>\n<tr class=\"row-1\">\n\t<th colspan=\"3\" class=\"column-1\">Presse 2025<\/th>\n<\/tr>\n<\/thead>\n<tbody>\n<tr class=\"row-2\">\n\t<td class=\"column-1\">14. Mai 2025<\/td><td class=\"column-2\"><\/td><td class=\"column-3\"><a href=\"https:\/\/www.kav-brandenburg.de\/wp-content\/uploads\/2025\/05\/250514_PM_VKA_Tarifeinigung_OED_endgueltig_bestaetigt.pdf\">VKA -  Tarifeinigung \u00d6ffentlicher Dienst endg\u00fcltig best\u00e4tigt<\/a><\/td>\n<\/tr>\n<tr class=\"row-3\">\n\t<td class=\"column-1\">6. April 2025<\/td><td class=\"column-2\"><\/td><td class=\"column-3\"><a href=\"https:\/\/www.kav-brandenburg.de\/wp-content\/uploads\/2025\/05\/250406_PM_Tarifeinigung_OED_Ausgewogenes_Gesamtpaket.pdf\">Tarifeinigung \u00d6ffentlicher Dienst - Ausgewogenes Gesamtpaket<\/a><\/td>\n<\/tr>\n<tr class=\"row-4\">\n\t<td class=\"column-1\">17. M\u00e4rz 2025<\/td><td class=\"column-2\"><\/td><td class=\"column-3\"><a href=\"https:\/\/www.kav-brandenburg.de\/wp-content\/uploads\/2025\/03\/250317_PM_VKA_Tarifverhandlungen_fuer_den_oeffentlichen_Dienst_gescheitert.pdf\">VKA - Tarifverhandlungen f\u00fcr den \u00f6ffentlichen Dienst gescheitert<\/a><\/td>\n<\/tr>\n<tr class=\"row-5\">\n\t<td class=\"column-1\">18. Februar 2025<\/td><td class=\"column-2\"><\/td><td class=\"column-3\"><a href=\"https:\/\/www.kav-brandenburg.de\/wp-content\/uploads\/2025\/02\/250218_PM_VKA_Zweite-Verhandlungsrunde-fuer-den-oeffentlichen-Dienst-ohne-Ergebnis-Kommunale-Arb.pdf\">Zweite Verhandlungsrunde f\u00fcr den oeffentlichen Dienst ohne Ergebnis<\/a><\/td>\n<\/tr>\n<tr class=\"row-6\">\n\t<td class=\"column-1\">4. Februar 2025<\/td><td class=\"column-2\"><\/td><td class=\"column-3\"><a href=\"https:\/\/www.kav-brandenburg.de\/wp-content\/uploads\/2025\/02\/250204_PM_VKA_kritisiert_Warnstreiks_im_oeffentlichen_Dienst.pdf\">VKA kritisiert Warnstreiks im \u00f6ffentlichen Dienst<\/a><\/td>\n<\/tr>\n<tr class=\"row-7\">\n\t<td class=\"column-1\">24. Januar 2025<\/td><td class=\"column-2\"><\/td><td class=\"column-3\"><a href=\"https:\/\/www.kav-brandenburg.de\/wp-content\/uploads\/2025\/01\/250124_PM_VKA_Beginn-der-Tarifrunde-fuer-den-kommunalen-oeffentlichen-Dienst.pdf\">Beginn der Tarifrunde f\u00fcr den kommunalen \u00f6ffentlichen Dienst<\/a><\/td>\n<\/tr>\n<tr class=\"row-8\">\n\t<td class=\"column-1\">14. Januar 2025<\/td><td class=\"column-2\"><\/td><td class=\"column-3\"><a href=\"https:\/\/www.kav-brandenburg.de\/wp-content\/uploads\/2025\/01\/250114_PM_Durchbruch_in_Tarifverhandlungen-fuer_Aerzte_an-kommunalen_Krankenhaeusern.pdf\">Durchbruch in Tarifverhandlungen f\u00fcr \u00c4rztinnen und \u00c4rzte an kommunalen Krankenh\u00e4usern<\/a><\/td>\n<\/tr>\n<\/tbody>\n<\/table>\n<!-- #tablepress-14 from cache -->[\/vc_column_text][vc_column_text]\n<table id=\"tablepress-13\" class=\"tablepress tablepress-id-13\">\n<thead>\n<tr class=\"row-1\">\n\t<th class=\"column-1\">Presse 2024<\/th><td class=\"column-2\"><\/td><td class=\"column-3\"><\/td>\n<\/tr>\n<\/thead>\n<tbody class=\"row-striping row-hover\">\n<tr class=\"row-2\">\n\t<td class=\"column-1\">15. November 2024<\/td><td class=\"column-2\"><\/td><td class=\"column-3\"><a href=\"https:\/\/www.kav-brandenburg.de\/wp-content\/uploads\/2024\/11\/241115_PM_VKA_Tarifverhandlungen-fuer-Aerztinnen-und-Aerzte-an-kommunalen-Krankenhaeusern-VKA-legt-Angebot-vor.pdf\">Tarifverhandlungen f\u00fcr \u00c4rztinnen und \u00c4rzte an kommunalen Krankenh\u00e4usern - VKA legt Angebot vor<\/a><\/td>\n<\/tr>\n<tr class=\"row-3\">\n\t<td class=\"column-1\">11. November 2024<\/td><td class=\"column-2\"><\/td><td class=\"column-3\"><a href=\"https:\/\/www.kav-brandenburg.de\/wp-content\/uploads\/2024\/11\/241111_PM_VKA_VKA-feiert-75-jaehriges-Bestehen-und-sorgt-fuer-personelle-Kontinuitaet-in-der-Spitze.pdf\">VKA feiert 75-j\u00e4hriges Bestehen und sorgt f\u00fcr personelle Kontinuit\u00e4t in der Spitze<\/a><\/td>\n<\/tr>\n<tr class=\"row-4\">\n\t<td class=\"column-1\">16. Oktober 2024<\/td><td class=\"column-2\"><\/td><td class=\"column-3\"><a href=\"https:\/\/www.kav-brandenburg.de\/wp-content\/uploads\/2024\/10\/241016_PM_VKA_Tarifverhandlungen-fuer-Aerztinnen-und-Aerzte-an-kommunalen-Krankenhaeusern_Zaehes-Ringen-in-der-vierten-Verhandlungsrunde.pdf\">Tarifverhandlungen f\u00fcr \u00c4rztinnen und \u00c4rzte an kommunalen Krankenh\u00e4usern -Z\u00e4hes Ringen in der vierten Verhandlungsrunde<\/a><\/td>\n<\/tr>\n<tr class=\"row-5\">\n\t<td class=\"column-1\">9. Oktober 2024<\/td><td class=\"column-2\"><\/td><td class=\"column-3\"><a href=\"https:\/\/www.kav-brandenburg.de\/wp-content\/uploads\/2024\/10\/241009_PM_VKA_VKA_Gewerkschaften-gefaehrden-mit-ihren-ueberzogenen-Forderungen-die-Handlungsfaehigkeit-der-Kommunen.pdf\">VKA: Gewerkschaften gef\u00e4hrden mit ihren \u00fcberzogenen Forderungen die Handlungsf\u00e4higkeit der Kommunen<\/a><\/td>\n<\/tr>\n<tr class=\"row-6\">\n\t<td class=\"column-1\">1. Juli 2024<\/td><td class=\"column-2\"><\/td><td class=\"column-3\"><a href=\"https:\/\/www.kav-brandenburg.de\/wp-content\/uploads\/2024\/07\/240701_PM_VKA_Kommunale-Kliniken_Tarifverhandlungen-fuer-Aerztinnen-und-Aerzte-werden-im-September-fortgesetzt.pdf\">Kommunale Kliniken -Tarifverhandlungen f\u00fcr \u00c4rztinnen und \u00c4rzte werden im September fortgesetzt<\/a><\/td>\n<\/tr>\n<tr class=\"row-7\">\n\t<td class=\"column-1\">11. Juni 2024<\/td><td class=\"column-2\"><\/td><td class=\"column-3\"><a href=\"https:\/\/www.kav-brandenburg.de\/wp-content\/uploads\/2024\/06\/240611_PM_VKA_Forderungen-des-Marburger-Bundes-sind-unbezahlbar.pdf\">Forderungen des Marburger Bundes sind unbezahlbar<\/a><\/td>\n<\/tr>\n<tr class=\"row-8\">\n\t<td class=\"column-1\">18. M\u00e4rz 2024<\/td><td class=\"column-2\"><\/td><td class=\"column-3\"><a href=\"https:\/\/www.kav-brandenburg.de\/wp-content\/uploads\/2024\/03\/240318_Pressemitteilung_Nahverkehr_final.pdf\">Brandenburger Nahverkehrsunternehmen stimmen Tarifeinigung zu<\/a><\/td>\n<\/tr>\n<tr class=\"row-9\">\n\t<td class=\"column-1\">30. Januar 2024<\/td><td class=\"column-2\"><\/td><td class=\"column-3\"><a href=\"https:\/\/www.kav-brandenburg.de\/wp-content\/uploads\/2024\/01\/240130_Pressemitteilung_Nahverkehr.pdf\">Streikaufruf in den Brandenburger Nahverkehrsunternehmen nicht nachvollziehbar<\/a><\/td>\n<\/tr>\n<\/tbody>\n<\/table>\n<!-- #tablepress-13 from cache -->[\/vc_column_text][\/vc_column][\/vc_row][vc_row][vc_column][vc_empty_space][vc_column_text]<\/p>\n<h3><span id=\"dnn_ctr569_dnnTitle_lblTitle\" class=\"Head\">Tarifinfo der VKA<\/span><\/h3>\n<p>[\/vc_column_text][\/vc_column][\/vc_row][vc_row][vc_column][vc_column_text]\n<table id=\"tablepress-3\" class=\"tablepress tablepress-id-3 tarifinfo\">\n<thead>\n<tr class=\"row-1\">\n\t<th class=\"column-1\">Tarifinfo der VKA<\/th><td class=\"column-2\"><\/td><td class=\"column-3\"><\/td>\n<\/tr>\n<\/thead>\n<tbody class=\"row-striping row-hover\">\n<tr class=\"row-2\">\n\t<td class=\"column-1\"><\/td><td class=\"column-2\"><\/td><td class=\"column-3\"><\/td>\n<\/tr>\n<\/tbody>\n<\/table>\n<!-- #tablepress-3 from cache -->[\/vc_column_text][\/vc_column][\/vc_row]<\/p>\n<\/div>","protected":false},"excerpt":{"rendered":"<p>[vc_row][vc_column][vc_column_text] Presse [\/vc_column_text][vc_column_text]Hier finden Sie aktuelle Informationen und Presseerkl\u00e4rungen des KAV Brandenburg und der Vereinigung der kommunalen Arbeitgeberverb\u00e4nde[\/vc_column_text][\/vc_column][\/vc_row][vc_row][vc_column][vc_empty_space][vc_column_text] Presseerkl\u00e4rungen [\/vc_column_text][vc_column_text css=&#8220;&#8220;][\/vc_column_text][vc_column_text css=&#8220;&#8220;][\/vc_column_text][vc_column_text][\/vc_column_text][\/vc_column][\/vc_row][vc_row][vc_column][vc_empty_space][vc_column_text] Tarifinfo der VKA [\/vc_column_text][\/vc_column][\/vc_row][vc_row][vc_column][vc_column_text][\/vc_column_text][\/vc_column][\/vc_row]<\/p>\n","protected":false},"author":1,"featured_media":0,"parent":0,"menu_order":0,"comment_status":"closed","ping_status":"closed","template":"","meta":{"footnotes":""},"class_list":["post-10","page","type-page","status-publish","hentry","description-off"],"_links":{"self":[{"href":"https:\/\/www.kav-brandenburg.de\/index.php?rest_route=\/wp\/v2\/pages\/10","targetHints":{"allow":["GET"]}}],"collection":[{"href":"https:\/\/www.kav-brandenburg.de\/index.php?rest_route=\/wp\/v2\/pages"}],"about":[{"href":"https:\/\/www.kav-brandenburg.de\/index.php?rest_route=\/wp\/v2\/types\/page"}],"author":[{"embeddable":true,"href":"https:\/\/www.kav-brandenburg.de\/index.php?rest_route=\/wp\/v2\/users\/1"}],"replies":[{"embeddable":true,"href":"https:\/\/www.kav-brandenburg.de\/index.php?rest_route=%2Fwp%2Fv2%2Fcomments&post=10"}],"version-history":[{"count":8,"href":"https:\/\/www.kav-brandenburg.de\/index.php?rest_route=\/wp\/v2\/pages\/10\/revisions"}],"predecessor-version":[{"id":11986,"href":"https:\/\/www.kav-brandenburg.de\/index.php?rest_route=\/wp\/v2\/pages\/10\/revisions\/11986"}],"wp:attachment":[{"href":"https:\/\/www.kav-brandenburg.de\/index.php?rest_route=%2Fwp%2Fv2%2Fmedia&parent=10"}],"curies":[{"name":"wp","href":"https:\/\/api.w.org\/{rel}","templated":true}]}}