{"id":167,"date":"2016-03-10T15:18:39","date_gmt":"2016-03-10T14:18:39","guid":{"rendered":"http:\/\/www.kav-brandenburg.de\/?page_id=167"},"modified":"2026-02-27T08:08:39","modified_gmt":"2026-02-27T07:08:39","slug":"organe-des-kav-2","status":"publish","type":"page","link":"https:\/\/www.kav-brandenburg.de\/?page_id=167","title":{"rendered":"Organe des KAV"},"content":{"rendered":"<div class=\"wpb-content-wrapper\"><p>[vc_row][vc_column][vc_column_text]<\/p>\n<h4>Verbandsorgane des KAV Brandenburg<\/h4>\n<p>[\/vc_column_text][vc_column_text css=&#8220;&#8220;]Verbandsorgane nach \u00a7 10 der Satzung sind:<\/p>\n<ul>\n<li>die Mitgliederversammlung<\/li>\n<li>die Hauptversammlung<\/li>\n<li>das <a href=\"http:\/\/www.kav-brandenburg.de\/?page_id=3155\">Pr\u00e4sidium<\/a><\/li>\n<li>der <a href=\"http:\/\/www.kav-brandenburg.de\/?page_id=2945\">Vorstand<\/a><\/li>\n<li>der Verbandsgesch\u00e4ftsf\u00fchrer<\/li>\n<\/ul>\n<p>[\/vc_column_text][vc_separator][\/vc_column][\/vc_row][vc_row][vc_column][vc_column_text]<\/p>\n<h4><span style=\"color: #000000;\">Hauptversammlung<\/span><\/h4>\n<p>[\/vc_column_text][vc_column_text]Die Hauptversammlung setzt sich aus den Mitgliedern aller Gruppenaussch\u00fcsse zusammen. Die Stellvertreter im Gruppenausschuss sind auch Stellvertreter in der Hauptversammlung (\u00a7 12 Abs. 2 Verbandssatzung).[\/vc_column_text][vc_separator color=&#8220;black&#8220;][vc_column_text css=&#8220;&#8220;]<\/p>\n<h4><span style=\"color: #000000;\">Gruppenausschuss Krankenh\u00e4user und Pflegeeinrichtungen<\/span><\/h4>\n<p><span style=\"color: #000000;\"><strong>Vorsitzende<\/strong><\/span>:\u00a0 Frau Gabriele Wolter, Gesch\u00e4ftsf\u00fchrerin, Universit\u00e4tsklinikum Brandenburg GmbH<\/p>\n<p><span style=\"color: #000000;\"><strong>Stellvertreterin<\/strong><\/span>:<\/p>\n<p>Herr Matthias Rehder, Prokurist, Havelland Kliniken GmbH (oT)<\/p>\n<p>Herr Michael Rochow, Gesch\u00e4ftsf\u00fchrer, Oder-Spree- Krankenhaus GmbH (oT)<\/p>\n<p>Herr Michael Winkler, Gesch\u00e4ftsf\u00fchrer, Elbe-Elster Klinikum GmbH Finsterwalde (oT)<\/p>\n<p>Frau Wiebke Gr\u00f6per, Gesch\u00e4ftsf\u00fchrerin, Oberhavel Kliniken GmbH (oT)<\/p>\n<p>Herr Christian Sommerlatte, Servicemanager, KSC Klinik Service Center GmbH (oT)[\/vc_column_text][vc_separator color=&#8220;black&#8220;][vc_column_text css=&#8220;&#8220;]<\/p>\n<h4><span style=\"color: #000000;\">Gruppenausschuss Nahverkehr <\/span><\/h4>\n<p><span style=\"color: #000000;\"><strong>Vorsitzender<\/strong><\/span>: Herr Frank Wruck, Gesch\u00e4ftsf\u00fchrer, Barnimer Busverkehrsgesellschaft mbH, Eberswalde<\/p>\n<p><strong>Stellvertreter<\/strong>: Herr Martin Grie\u00dfner, Gesch\u00e4ftsf\u00fchrer, regiobus Potsdam Mittelmark GmbH<\/p>\n<p>Frau Bettina Biffi, Gesch\u00e4ftsf\u00fchrerin, Verkehrsbetrieb Potsdam GmbH (VIP)<\/p>\n<p>Herr Christian Kuke, Gesch\u00e4ftsf\u00fchrer, Stadtverkehrsgesellschaft mbH Frankfurt (Oder)<\/p>\n<p>Herr Ralf Thalmann, Gesch\u00e4ftsf\u00fchrer, Cottbusverkehr GmbH<\/p>\n<p>&nbsp;<\/p>\n<p><span style=\"text-decoration: underline;\">Stellvertretende Mitglieder:<\/span><\/p>\n<p>Herr Siegfried Richter, Gesch\u00e4ftsf\u00fchrer, Regionale Verkehrsgesellschaft Dahme-Spreewald mbH (RVS)<\/p>\n<p>Herr Ulrich Steffen, Gesch\u00e4ftsf\u00fchrer, Ostprignitz-Ruppiner Personennahverkehrsgesellschaft mbH, Kyritz<\/p>\n<p>Herr Florian Szameit, Gesch\u00e4ftsf\u00fchrer, DB Regio Bus Ost GmbH und Busverkehr Oder-Spree GmbH<\/p>\n<p>Herr J\u00f6rg Vogler, Gesch\u00e4ftsf\u00fchrer, Verkehrsbetriebe Brandenburg an der Havel GmbH[\/vc_column_text][\/vc_column][\/vc_row][vc_row][vc_column][vc_separator color=&#8220;black&#8220;][\/vc_column][\/vc_row][vc_row][vc_column][vc_column_text]<\/p>\n<h4>Gruppenausschuss Sparkassen<\/h4>\n<p><strong>Vorsitzender<\/strong>: Herr Dirk Rieckers, Vorstandsmitglied, Sparkasse M\u00e4rkisch Oderland<\/p>\n<p><strong>Stellvertreter<\/strong>: Herr Thomas Heinze, Vorstandsmitglied, Sparkasse Spree-Nei\u00dfe<\/p>\n<p>Herr Dr. Matthias Forche, Abteilungsleiter Personal, Finanzen, Zentrale Dienste, OSV<\/p>\n<p>Herr Veit Kalinke, Vorstandsvorsitzender, Sparkasse Oder-Spree<\/p>\n<p>Herr Thorsten We\u00dfels, Vorstandsvositzender, Sparkasse Uckermark<\/p>\n<p><span style=\"text-decoration: underline;\">Stellvertretende Mitglieder<\/span><\/p>\n<p>Herr J\u00fcrgen Dybowski, Vorstandsvorsitzender, Sparkasse Schwedt<\/p>\n<p>Herr Marcus Starick, Vorstandsvorsitzender Sparkasse Niederlausitz<\/p>\n<p>[\/vc_column_text][vc_separator color=&#8220;black&#8220;][vc_column_text css=&#8220;&#8220;]<\/p>\n<h4><strong><span style=\"color: #000000;\">Gruppenausschuss Versorgungsbetriebe<\/span><\/strong><\/h4>\n<p><strong>Vorsitzender<\/strong>: Herr Andre B\u00e4hler, Verbandsvorsteher, Wasserverband Strausberg-Erkner, Strausberg<\/p>\n<p><strong>Stellvertreter<\/strong>: Herr Thomas Hacker, Gesch\u00e4ftsf\u00fchrer, Uckerm\u00e4rkische Dienstleistungsgesellschaft mbH, Prenzlau<\/p>\n<p>Frau Heike Hermann, Verbandsvorsteherin, Trinkwasser- und Abwasserzweckverband Oderaue, Eisenh\u00fcttenstadt<\/p>\n<p>Herr Holger Riesner, Verbandsvorsteher, S\u00fcdbrandenburgischer Abfallzweckverband, Ludwigsfelde<\/p>\n<p>Frau Dagmar Stenzel, Gesch\u00e4ftsf\u00fchrerin, Nuthe Wasser und Abwasser GmbH, Luckenwalde<\/p>\n<p><span style=\"text-decoration: underline;\">Stellvertretende Mitglieder<\/span><\/p>\n<p>Frau Diana Grund, Gesch\u00e4ftsf\u00fchrerin, Abfallwirtschaft Potsdam-Mittelmark GmbH, Niemegk<\/p>\n<p>Herr Dr. Bernd Dutschmann, Verbandsvorsteher, Abfallentsorgungsverband Schwarze Elster, Lauchhammer[\/vc_column_text][vc_separator color=&#8220;black&#8220;][\/vc_column][\/vc_row][vc_row][vc_column][vc_column_text css=&#8220;&#8220;]<\/p>\n<h4>Gruppenausschuss Verwaltung<\/h4>\n<p><strong>Vorsitzender: <\/strong>Herr\u00a0Roger Lewandowski, Landrat,\u00a0Landkreis Havelland<\/p>\n<p><strong>Stellvertreter<\/strong>: Frau Janine Schwanenberger, FGL Personal, Gemeinde Neuenhagen bei Berlin<\/p>\n<p>Herr Jens Aasmann, Amtsdirektor, Amt Rhinow<\/p>\n<p>Herr Mike Bartsch, Amtsdirektor, Amt Lebus<\/p>\n<p>Herr Michael Barz, Amtsleiter, Landkreis Uckermark<\/p>\n<p>Herr Mirko Bormann, Amtsleiter, Landkreis Elbe-Elster<\/p>\n<p>Herr Andr\u00e9 Buch, Amtsleiter, Landkreis M\u00e4rkisch-Oderland<\/p>\n<p>Herr Andreas Franze, Fachbereichsleiter, Stadt Schwedt\/Oder<\/p>\n<p>Herr Dieter Jetschmanegg, Dezernent, Stadt Potsdam<\/p>\n<p>Herr Karsten Langner, Amtsleiter, Landkreis Dahme-Spreewald<\/p>\n<p>Frau Sabine Laue-Schramm, Dezernentin, Stadt Bernau bei Berlin<\/p>\n<p>Herr Fred Mahro, B\u00fcrgermeister, Stadt Guben<\/p>\n<p>Frau Ines M\u00fcller, K\u00e4mmerin, Stadt Eisenh\u00fcttenstadt<\/p>\n<p>Herr Stefan Noack, Amtsleiter, Stadt Luckenwalde<\/p>\n<p>Herr Robert Perko, Beigeordneter, Stadt Cottbus<\/p>\n<p>Herr Andreas Pfeiffer, B\u00fcrgermeister, Stadt Senftenberg<\/p>\n<p>Frau Kerstin Schenker, Fachbereichsleiterin, Stadt Spremberg<\/p>\n<p>Frau Ivonne Schulz, Gesch\u00e4ftsf\u00fchrerin, Wasser- und Bodenverband Uckerseen<\/p>\n<p>Herr Dr. Harald Sempf, Dezernent, Stadt Falkensee<\/p>\n<p>Herr Frank Steffen, Landrat, Landkreis Oder-Spree<\/p>\n<p>Herr Christian Vitense, Fachbereichsleiter, Stadt Teltow<\/p>\n<p>Herr Mike Wedel, Hauptamtsleiter, Stadt Oranienburg<\/p>\n<p>&nbsp;<\/p>\n<p><span style=\"text-decoration: underline;\">Stellvertretende Mitglieder<\/span><\/p>\n<p>Frau Nicole Braun, Fachdienstleiterin, Gemeinde Panketal<\/p>\n<p>Herr Uwe Br\u00fcckner, B\u00fcrgermeister, Gemeinde Kloster Lehnin<\/p>\n<p>Frau Nicole Ehlers, Personalsachbearbeiterin, Amt Odervorland<\/p>\n<p>Herr Felix Freitag, B\u00fcrgermeister, Stadt Sonnewalde<\/p>\n<p>Herr Karsten Gericke, Amtsdirektor, Amt Ziesar<\/p>\n<p>Herr Christoph Giese, Hauptamtsleiter, Gemeinde Gr\u00fcnheide\/Mark<\/p>\n<p>Herr Lars G\u00f6lz, Studienleiter, Niederlausitzer Studieninstitut<\/p>\n<p>Frau Karola Gundlach, B\u00fcrgermeisterin, Stadt Lychen<\/p>\n<p>Herr Ralf Haase, Amtsdirektor, Amt Friesack<\/p>\n<p>Herr Franz Hoffmann, Fachbereichsleiter, Gemeinde Glienicke\/Nordbahn<\/p>\n<p>Herr Tino Krebs, Amtsdirektor, Amt Golzow<\/p>\n<p>Herr Marcel Ludewig, Verbandsgesch\u00e4ftsf\u00fchrer, Gew\u00e4sserverband Kleine Elster-Pulsnitz<\/p>\n<p>Herr Martin Malichatka, Personalleiter, Gemeinde Wiesenburg<\/p>\n<p>Herr Andy M\u00fcller, stellv. Amtsdirektor, Amt Schlieben<\/p>\n<p>Herr Roger Preu\u00dfmann, Gesch\u00e4ftsf\u00fchrer Rettungsdienst Spree-Nei\u00dfe GmbH<\/p>\n<p>Herr Karsten Rottst\u00e4dt, Amtsdirektor, Amt Lindow<\/p>\n<p>Frau Antje Stalmasiak, Sachgebietsleiterin Personal, Stadt Neuruppin<\/p>\n<p>Frau Anke Wittstock-Lampe, Hauptamtsleiterin, Gemeinde M\u00fchlenbecker Land<\/p>\n<p>Herr Dr. Nikolaus Wrage, Gesch\u00e4ftsf\u00fchrer, Unfallkasse Brandenburg[\/vc_column_text][\/vc_column][\/vc_row]<\/p>\n<\/div>","protected":false},"excerpt":{"rendered":"<p>[vc_row][vc_column][vc_column_text] Verbandsorgane des KAV Brandenburg [\/vc_column_text][vc_column_text css=&#8220;&#8220;]Verbandsorgane nach \u00a7 10 der Satzung sind: die Mitgliederversammlung die Hauptversammlung das Pr\u00e4sidium der Vorstand der Verbandsgesch\u00e4ftsf\u00fchrer [\/vc_column_text][vc_separator][\/vc_column][\/vc_row][vc_row][vc_column][vc_column_text] Hauptversammlung [\/vc_column_text][vc_column_text]Die Hauptversammlung setzt sich aus den Mitgliedern aller Gruppenaussch\u00fcsse zusammen. Die Stellvertreter im Gruppenausschuss sind auch Stellvertreter in der Hauptversammlung (\u00a7 12 Abs. 2 Verbandssatzung).[\/vc_column_text][vc_separator color=&#8220;black&#8220;][vc_column_text css=&#8220;&#8220;] Gruppenausschuss Krankenh\u00e4user und&hellip;<\/p>\n","protected":false},"author":1,"featured_media":0,"parent":0,"menu_order":0,"comment_status":"closed","ping_status":"closed","template":"","meta":{"footnotes":""},"class_list":["post-167","page","type-page","status-publish","hentry","description-off"],"_links":{"self":[{"href":"https:\/\/www.kav-brandenburg.de\/index.php?rest_route=\/wp\/v2\/pages\/167","targetHints":{"allow":["GET"]}}],"collection":[{"href":"https:\/\/www.kav-brandenburg.de\/index.php?rest_route=\/wp\/v2\/pages"}],"about":[{"href":"https:\/\/www.kav-brandenburg.de\/index.php?rest_route=\/wp\/v2\/types\/page"}],"author":[{"embeddable":true,"href":"https:\/\/www.kav-brandenburg.de\/index.php?rest_route=\/wp\/v2\/users\/1"}],"replies":[{"embeddable":true,"href":"https:\/\/www.kav-brandenburg.de\/index.php?rest_route=%2Fwp%2Fv2%2Fcomments&post=167"}],"version-history":[{"count":39,"href":"https:\/\/www.kav-brandenburg.de\/index.php?rest_route=\/wp\/v2\/pages\/167\/revisions"}],"predecessor-version":[{"id":12128,"href":"https:\/\/www.kav-brandenburg.de\/index.php?rest_route=\/wp\/v2\/pages\/167\/revisions\/12128"}],"wp:attachment":[{"href":"https:\/\/www.kav-brandenburg.de\/index.php?rest_route=%2Fwp%2Fv2%2Fmedia&parent=167"}],"curies":[{"name":"wp","href":"https:\/\/api.w.org\/{rel}","templated":true}]}}